{"id":8501,"date":"2021-06-29T11:43:48","date_gmt":"2021-06-29T14:43:48","guid":{"rendered":"https:\/\/www.ifsc.usp.br\/efc\/?page_id=8501"},"modified":"2024-09-24T16:11:48","modified_gmt":"2024-09-24T19:11:48","slug":"efc-2011","status":"publish","type":"page","link":"https:\/\/www.ifsc.usp.br\/efc\/efc-2011\/","title":{"rendered":"EFC 2011"},"content":{"rendered":"<p><strong><img loading=\"lazy\" decoding=\"async\" class=\"alignnone wp-image-8502 size-full\" src=\"https:\/\/www.ifsc.usp.br\/efc\/wp-content\/uploads\/2021\/06\/efc2011.png\" alt=\"\" width=\"788\" height=\"92\" srcset=\"https:\/\/www.ifsc.usp.br\/efc\/wp-content\/uploads\/2021\/06\/efc2011.png 788w, https:\/\/www.ifsc.usp.br\/efc\/wp-content\/uploads\/2021\/06\/efc2011-300x35.png 300w, https:\/\/www.ifsc.usp.br\/efc\/wp-content\/uploads\/2021\/06\/efc2011-768x90.png 768w\" sizes=\"auto, (max-width: 788px) 100vw, 788px\" \/><\/strong><\/p>\n<h2><span style=\"color: #339966;\"><strong>EFC 2011<\/strong><\/span><\/h2>\n<p>O Instituto de F\u00edsica de S\u00e3o Carlos da Universidade de S\u00e3o Paulo (IFSC-USP) realizou entre os dias 17 e 22 de julho de 2011 a Escola de F\u00edsica Contempor\u00e2nea para alunos do ensino m\u00e9dio. A EFC, anteriormente chamada de Escola Avan\u00e7ada de F\u00edsica, \u00e9 uma atividade de extens\u00e3o que vem ocorrendo anualmente no Instituto de F\u00edsica de S\u00e3o Carlos.<\/p>\n<p><strong>Programa\u00e7\u00e3o da EFC 2011<\/strong><\/p>\n<p>Palestra 1: LASER e Aplica\u00e7\u00f5es &#8211; Prof. Cleber Renato Mendon\u00e7a.<\/p>\n<p>Palestra 2: A Natureza nos seus Extremos de Temperatura &#8211; Prof. Vanderlei Salvador Bagnato.<\/p>\n<p>Palestra 3: Buracos Negros &#8211; Prof. Daniel Vanzella<\/p>\n<p>Palestra 4: Os Cursos de Gradua\u00e7\u00e3o do IFSC &#8211; Prof. Ant\u00f4nio Carlos Hernandes.<\/p>\n<p>Palestra 5: Nanomedicina e Nanotoxicidade &#8211; Prof. Valtencir Zucolotto.<\/p>\n<p>Palestra 6: F\u00edsica Computacional &#8211; Prof. Guilherme de Matos Sipahi.<\/p>\n<p>Aulas de Eletricidade: Prof. Jos\u00e9 Fabian Schneider<\/p>\n<p>Aulas de \u00d3ptica: Prof. Eduardo Ribeiro de Azevedo.<\/p>\n<p>Aula E=mc<sup>2<\/sup>\u00a0(Relatividade Restrita): Prof. Daniel Vanzella<\/p>\n<p>Aula de F\u00edsica Moderna: Prof. Valter L\u00edbero<\/p>\n<table width=\"644\">\n<tbody>\n<tr>\n<td>Hor\u00e1rio<\/td>\n<td>17\/07<\/p>\n<p>Domingo<\/td>\n<td>18\/07<\/p>\n<p>Segunda<\/td>\n<td>19\/07<\/p>\n<p>Ter\u00e7a<\/td>\n<td>20\/07<\/p>\n<p>Quarta<\/td>\n<td>21\/07<\/p>\n<p>Quinta<\/td>\n<td width=\"175\">22\/07<\/p>\n<p>Sexta<\/td>\n<\/tr>\n<tr>\n<td>08:00<\/td>\n<td><\/td>\n<td>Aula de Eletricidade<\/p>\n<p>Teoria<\/td>\n<td>Aula de \u00d3ptica<\/p>\n<p>Teoria<\/td>\n<td>Aula de F\u00edsica Moderna<\/td>\n<td>Prepara\u00e7\u00e3o de semin\u00e1rios<\/td>\n<td rowspan=\"3\" width=\"175\">Apresenta\u00e7\u00e3o dos semin\u00e1rios<\/td>\n<\/tr>\n<tr>\n<td>10:00<\/td>\n<td><\/td>\n<td>Caf\u00e9<\/td>\n<td>Caf\u00e9<\/td>\n<td>Caf\u00e9<\/td>\n<td>Caf\u00e9<\/td>\n<\/tr>\n<tr>\n<td>10:20<\/td>\n<td><\/td>\n<td>Aula de Eletricidade<\/p>\n<p>Teoria<\/td>\n<td>Aula de \u00d3ptica<\/p>\n<p>Teoria<\/td>\n<td>Aula de F\u00edsica Moderna<\/p>\n<p>(cont.)<\/td>\n<td>Prepara\u00e7\u00e3o de semin\u00e1rios<\/td>\n<\/tr>\n<tr>\n<td>12:00<\/td>\n<td><\/td>\n<td>Almo\u00e7o<\/td>\n<td>Almo\u00e7o<\/td>\n<td>Almo\u00e7o<\/td>\n<td>Almo\u00e7o<\/td>\n<td width=\"175\">Encerramento<\/td>\n<\/tr>\n<tr>\n<td>13:30<\/td>\n<td>Abertura<\/td>\n<td rowspan=\"3\">Aula de Eletricidade<\/p>\n<p>Pr\u00e1tica<\/td>\n<td rowspan=\"3\">Aula de \u00d3ptica<\/p>\n<p>Pr\u00e1tica<\/td>\n<td rowspan=\"3\">Aula E=mc<sup>2<\/sup><\/td>\n<td rowspan=\"3\">Prepara\u00e7\u00e3o de semin\u00e1rios<\/td>\n<td rowspan=\"12\" width=\"175\"><\/td>\n<\/tr>\n<tr>\n<td>13:50<\/td>\n<td>Reuni\u00e3o com estudantes e<\/p>\n<p>visita dos pais ao IFSC<\/td>\n<\/tr>\n<tr>\n<td>14:20<\/td>\n<td>Palestra 1<\/td>\n<\/tr>\n<tr>\n<td>16:00<\/td>\n<td>Caf\u00e9<\/td>\n<td>Caf\u00e9<\/td>\n<td>Caf\u00e9<\/td>\n<td>Caf\u00e9<\/td>\n<td>Caf\u00e9<\/td>\n<\/tr>\n<tr>\n<td>16:20<\/td>\n<td>Palestra 2<\/td>\n<td>Aula de Eletricidade<\/p>\n<p>Pr\u00e1tica<\/td>\n<td>Aula de \u00d3ptica<\/p>\n<p>Pr\u00e1tica<\/td>\n<td>Aula E=mc<sup>2<\/sup>\u00a0(cont.)<\/td>\n<td>Prepara\u00e7\u00e3o de semin\u00e1rios<\/td>\n<\/tr>\n<tr>\n<td>18:00<\/td>\n<td>Jantar<\/td>\n<td>Jantar<\/td>\n<td>Jantar<\/td>\n<td>Jantar<\/td>\n<td>Jantar<\/td>\n<\/tr>\n<tr>\n<td>19:00<\/td>\n<td rowspan=\"2\">Palestra 3<\/td>\n<td><\/td>\n<td><\/td>\n<td><\/td>\n<td><\/td>\n<\/tr>\n<tr>\n<td>19:30<\/td>\n<td>Palestra 4<\/td>\n<td>Palestra 5<\/td>\n<td>Palestra 6<\/td>\n<td>Prepara\u00e7\u00e3o de semin\u00e1rios<\/td>\n<\/tr>\n<tr>\n<td><\/td>\n<td><\/td>\n<td><\/td>\n<td><\/td>\n<td><\/td>\n<td><\/td>\n<\/tr>\n<tr>\n<td><\/td>\n<td><\/td>\n<td><\/td>\n<td><\/td>\n<td><\/td>\n<td><\/td>\n<\/tr>\n<tr>\n<td><\/td>\n<td><\/td>\n<td><\/td>\n<td><\/td>\n<td><\/td>\n<td><\/td>\n<\/tr>\n<tr>\n<td>20:30<\/td>\n<td>Fim das atividades do dia<\/td>\n<td>Fim das atividades do dia<\/td>\n<td>Fim das atividades do dia<\/td>\n<td>Fim das atividades do dia<\/td>\n<td>Fim das atividades do dia<\/td>\n<\/tr>\n<\/tbody>\n<\/table>\n<h2>Comiss\u00e3o Organizadora<\/h2>\n<p>Prof. Antonio Carlos Hernandes (Diretor do IFSC)<br \/>\nProf. Daniel Vanzella<br \/>\nProf. Leonardo Maia<br \/>\nProf. Eduardo R. de Azevedo<br \/>\nProf.Jos\u00e9 Fabian Schneider<br \/>\nCristiane Gomes Lazarini Estela (Secret\u00e1ria do evento)<\/p>\n<p>&nbsp;<\/p>\n","protected":false},"excerpt":{"rendered":"<p>EFC 2011 O Instituto de F\u00edsica de S\u00e3o Carlos da Universidade de S\u00e3o Paulo (IFSC-USP) realizou entre os dias 17 e 22 de julho de 2011 a Escola de F\u00edsica Contempor\u00e2nea para alunos do ensino m\u00e9dio. A EFC, anteriormente chamada de Escola Avan\u00e7ada de F\u00edsica, \u00e9 uma atividade de extens\u00e3o que vem ocorrendo anualmente no [&hellip;]<\/p>\n","protected":false},"author":1,"featured_media":0,"parent":0,"menu_order":0,"comment_status":"closed","ping_status":"closed","template":"","meta":{"footnotes":""},"class_list":["post-8501","page","type-page","status-publish","hentry"],"yoast_head":"<!-- This site is optimized with the Yoast SEO plugin v28.2 - https:\/\/yoast.com\/product\/yoast-seo-wordpress\/ -->\n<title>EFC 2011 - EFC<\/title>\n<meta name=\"robots\" content=\"index, follow, max-snippet:-1, max-image-preview:large, max-video-preview:-1\" \/>\n<link rel=\"canonical\" href=\"https:\/\/www.ifsc.usp.br\/efc\/efc-2011\/\" \/>\n<meta property=\"og:locale\" content=\"pt_BR\" \/>\n<meta property=\"og:type\" content=\"article\" \/>\n<meta property=\"og:title\" content=\"EFC 2011 - EFC\" \/>\n<meta property=\"og:description\" content=\"EFC 2011 O Instituto de F\u00edsica de S\u00e3o Carlos da Universidade de S\u00e3o Paulo (IFSC-USP) realizou entre os dias 17 e 22 de julho de 2011 a Escola de F\u00edsica Contempor\u00e2nea para alunos do ensino m\u00e9dio. A EFC, anteriormente chamada de Escola Avan\u00e7ada de F\u00edsica, \u00e9 uma atividade de extens\u00e3o que vem ocorrendo anualmente no [&hellip;]\" \/>\n<meta property=\"og:url\" content=\"https:\/\/www.ifsc.usp.br\/efc\/efc-2011\/\" \/>\n<meta property=\"og:site_name\" content=\"EFC\" \/>\n<meta property=\"article:modified_time\" content=\"2024-09-24T19:11:48+00:00\" \/>\n<meta property=\"og:image\" content=\"https:\/\/www.ifsc.usp.br\/efc\/wp-content\/uploads\/2021\/06\/efc2011.png\" \/>\n<meta name=\"twitter:card\" content=\"summary_large_image\" \/>\n<meta name=\"twitter:label1\" content=\"Est. tempo de leitura\" \/>\n\t<meta name=\"twitter:data1\" content=\"3 minutos\" \/>\n<script type=\"application\/ld+json\" class=\"yoast-schema-graph\">{\"@context\":\"https:\\\/\\\/schema.org\",\"@graph\":[{\"@type\":\"WebPage\",\"@id\":\"https:\\\/\\\/www.ifsc.usp.br\\\/efc\\\/efc-2011\\\/\",\"url\":\"https:\\\/\\\/www.ifsc.usp.br\\\/efc\\\/efc-2011\\\/\",\"name\":\"EFC 2011 - EFC\",\"isPartOf\":{\"@id\":\"https:\\\/\\\/www.ifsc.usp.br\\\/efc\\\/#website\"},\"primaryImageOfPage\":{\"@id\":\"https:\\\/\\\/www.ifsc.usp.br\\\/efc\\\/efc-2011\\\/#primaryimage\"},\"image\":{\"@id\":\"https:\\\/\\\/www.ifsc.usp.br\\\/efc\\\/efc-2011\\\/#primaryimage\"},\"thumbnailUrl\":\"https:\\\/\\\/www.ifsc.usp.br\\\/efc\\\/wp-content\\\/uploads\\\/2021\\\/06\\\/efc2011.png\",\"datePublished\":\"2021-06-29T14:43:48+00:00\",\"dateModified\":\"2024-09-24T19:11:48+00:00\",\"breadcrumb\":{\"@id\":\"https:\\\/\\\/www.ifsc.usp.br\\\/efc\\\/efc-2011\\\/#breadcrumb\"},\"inLanguage\":\"pt-BR\",\"potentialAction\":[{\"@type\":\"ReadAction\",\"target\":[\"https:\\\/\\\/www.ifsc.usp.br\\\/efc\\\/efc-2011\\\/\"]}]},{\"@type\":\"ImageObject\",\"inLanguage\":\"pt-BR\",\"@id\":\"https:\\\/\\\/www.ifsc.usp.br\\\/efc\\\/efc-2011\\\/#primaryimage\",\"url\":\"https:\\\/\\\/www.ifsc.usp.br\\\/efc\\\/wp-content\\\/uploads\\\/2021\\\/06\\\/efc2011.png\",\"contentUrl\":\"https:\\\/\\\/www.ifsc.usp.br\\\/efc\\\/wp-content\\\/uploads\\\/2021\\\/06\\\/efc2011.png\",\"width\":788,\"height\":92},{\"@type\":\"BreadcrumbList\",\"@id\":\"https:\\\/\\\/www.ifsc.usp.br\\\/efc\\\/efc-2011\\\/#breadcrumb\",\"itemListElement\":[{\"@type\":\"ListItem\",\"position\":1,\"name\":\"Home\",\"item\":\"https:\\\/\\\/www.ifsc.usp.br\\\/efc\\\/\"},{\"@type\":\"ListItem\",\"position\":2,\"name\":\"EFC 2011\"}]},{\"@type\":\"WebSite\",\"@id\":\"https:\\\/\\\/www.ifsc.usp.br\\\/efc\\\/#website\",\"url\":\"https:\\\/\\\/www.ifsc.usp.br\\\/efc\\\/\",\"name\":\"EFC\",\"description\":\"Instituto de F\u00edsica de S\u00e3o Carlos\",\"potentialAction\":[{\"@type\":\"SearchAction\",\"target\":{\"@type\":\"EntryPoint\",\"urlTemplate\":\"https:\\\/\\\/www.ifsc.usp.br\\\/efc\\\/?s={search_term_string}\"},\"query-input\":{\"@type\":\"PropertyValueSpecification\",\"valueRequired\":true,\"valueName\":\"search_term_string\"}}],\"inLanguage\":\"pt-BR\"}]}<\/script>\n<!-- \/ Yoast SEO plugin. -->","yoast_head_json":{"title":"EFC 2011 - EFC","robots":{"index":"index","follow":"follow","max-snippet":"max-snippet:-1","max-image-preview":"max-image-preview:large","max-video-preview":"max-video-preview:-1"},"canonical":"https:\/\/www.ifsc.usp.br\/efc\/efc-2011\/","og_locale":"pt_BR","og_type":"article","og_title":"EFC 2011 - EFC","og_description":"EFC 2011 O Instituto de F\u00edsica de S\u00e3o Carlos da Universidade de S\u00e3o Paulo (IFSC-USP) realizou entre os dias 17 e 22 de julho de 2011 a Escola de F\u00edsica Contempor\u00e2nea para alunos do ensino m\u00e9dio. A EFC, anteriormente chamada de Escola Avan\u00e7ada de F\u00edsica, \u00e9 uma atividade de extens\u00e3o que vem ocorrendo anualmente no [&hellip;]","og_url":"https:\/\/www.ifsc.usp.br\/efc\/efc-2011\/","og_site_name":"EFC","article_modified_time":"2024-09-24T19:11:48+00:00","og_image":[{"url":"https:\/\/www.ifsc.usp.br\/efc\/wp-content\/uploads\/2021\/06\/efc2011.png","type":"","width":"","height":""}],"twitter_card":"summary_large_image","twitter_misc":{"Est. tempo de leitura":"3 minutos"},"schema":{"@context":"https:\/\/schema.org","@graph":[{"@type":"WebPage","@id":"https:\/\/www.ifsc.usp.br\/efc\/efc-2011\/","url":"https:\/\/www.ifsc.usp.br\/efc\/efc-2011\/","name":"EFC 2011 - EFC","isPartOf":{"@id":"https:\/\/www.ifsc.usp.br\/efc\/#website"},"primaryImageOfPage":{"@id":"https:\/\/www.ifsc.usp.br\/efc\/efc-2011\/#primaryimage"},"image":{"@id":"https:\/\/www.ifsc.usp.br\/efc\/efc-2011\/#primaryimage"},"thumbnailUrl":"https:\/\/www.ifsc.usp.br\/efc\/wp-content\/uploads\/2021\/06\/efc2011.png","datePublished":"2021-06-29T14:43:48+00:00","dateModified":"2024-09-24T19:11:48+00:00","breadcrumb":{"@id":"https:\/\/www.ifsc.usp.br\/efc\/efc-2011\/#breadcrumb"},"inLanguage":"pt-BR","potentialAction":[{"@type":"ReadAction","target":["https:\/\/www.ifsc.usp.br\/efc\/efc-2011\/"]}]},{"@type":"ImageObject","inLanguage":"pt-BR","@id":"https:\/\/www.ifsc.usp.br\/efc\/efc-2011\/#primaryimage","url":"https:\/\/www.ifsc.usp.br\/efc\/wp-content\/uploads\/2021\/06\/efc2011.png","contentUrl":"https:\/\/www.ifsc.usp.br\/efc\/wp-content\/uploads\/2021\/06\/efc2011.png","width":788,"height":92},{"@type":"BreadcrumbList","@id":"https:\/\/www.ifsc.usp.br\/efc\/efc-2011\/#breadcrumb","itemListElement":[{"@type":"ListItem","position":1,"name":"Home","item":"https:\/\/www.ifsc.usp.br\/efc\/"},{"@type":"ListItem","position":2,"name":"EFC 2011"}]},{"@type":"WebSite","@id":"https:\/\/www.ifsc.usp.br\/efc\/#website","url":"https:\/\/www.ifsc.usp.br\/efc\/","name":"EFC","description":"Instituto de F\u00edsica de S\u00e3o Carlos","potentialAction":[{"@type":"SearchAction","target":{"@type":"EntryPoint","urlTemplate":"https:\/\/www.ifsc.usp.br\/efc\/?s={search_term_string}"},"query-input":{"@type":"PropertyValueSpecification","valueRequired":true,"valueName":"search_term_string"}}],"inLanguage":"pt-BR"}]}},"_links":{"self":[{"href":"https:\/\/www.ifsc.usp.br\/efc\/wp-json\/wp\/v2\/pages\/8501","targetHints":{"allow":["GET"]}}],"collection":[{"href":"https:\/\/www.ifsc.usp.br\/efc\/wp-json\/wp\/v2\/pages"}],"about":[{"href":"https:\/\/www.ifsc.usp.br\/efc\/wp-json\/wp\/v2\/types\/page"}],"author":[{"embeddable":true,"href":"https:\/\/www.ifsc.usp.br\/efc\/wp-json\/wp\/v2\/users\/1"}],"replies":[{"embeddable":true,"href":"https:\/\/www.ifsc.usp.br\/efc\/wp-json\/wp\/v2\/comments?post=8501"}],"version-history":[{"count":3,"href":"https:\/\/www.ifsc.usp.br\/efc\/wp-json\/wp\/v2\/pages\/8501\/revisions"}],"predecessor-version":[{"id":8600,"href":"https:\/\/www.ifsc.usp.br\/efc\/wp-json\/wp\/v2\/pages\/8501\/revisions\/8600"}],"wp:attachment":[{"href":"https:\/\/www.ifsc.usp.br\/efc\/wp-json\/wp\/v2\/media?parent=8501"}],"curies":[{"name":"wp","href":"https:\/\/api.w.org\/{rel}","templated":true}]}}